{"id":40,"date":"2018-05-28T18:32:55","date_gmt":"2018-05-28T16:32:55","guid":{"rendered":"http:\/\/www.schoebpro.de\/?page_id=40"},"modified":"2018-05-28T19:11:17","modified_gmt":"2018-05-28T17:11:17","slug":"verzeichnis-von-verarbeitungstaetigkeiten","status":"publish","type":"page","link":"http:\/\/www.schoebpro.de\/?page_id=40","title":{"rendered":"Verzeichnis von Verarbeitungst\u00e4tigkeiten"},"content":{"rendered":"<p>&nbsp;<\/p>\n<table style=\"height: 1px;\" width=\"1009\">\n<tbody>\n<tr>\n<td colspan=\"2\" width=\"657\">&nbsp;<\/p>\n<h1 style=\"text-align: center;\">Verzeichnis von Verarbeitungst\u00e4tigkeiten<\/h1>\n<h1 style=\"text-align: center;\">gem. Artikel 30 Abs. 1 DSGVO<\/h1>\n<p style=\"text-align: center;\">(Stand 25.05.2018)<\/p>\n<\/td>\n<\/tr>\n<tr>\n<td width=\"290\"><strong>1. Name und Anschrift der verantwortlichen Stelle<\/strong><\/td>\n<td width=\"367\">Sch\u00f6b Projektentwicklung<br \/>\nIm Stiftallmey 30<br \/>\n87439 KemptenTel:\u00a0\u00a0\u00a0\u00a0\u00a0 0831 5122 546<br \/>\ninfo@schoebpro.de<\/td>\n<\/tr>\n<tr>\n<td width=\"290\"><strong>2. Inhaber<\/strong><\/p>\n<p>&nbsp;<\/td>\n<td width=\"367\">Herr Sch\u00f6b Johannes<\/p>\n<p>&nbsp;<\/td>\n<\/tr>\n<tr>\n<td width=\"290\"><strong>\u00a0<\/strong><strong>3. Leiter der Datenverarbeitung<\/strong><\/p>\n<p>&nbsp;<\/td>\n<td width=\"367\">Frau Gschwend Ivonne<br \/>\nzu erreichen unter der unter Pkt. 1 verzeichneten verantwortlichen Stelle<\/td>\n<\/tr>\n<tr>\n<td width=\"290\"><strong>4. Zweck der Datenerhebung, -verarbeitung und -nutzung<\/strong><\/td>\n<td width=\"367\">Gegenstand des Unternehmens ist die gewerbliche T\u00e4tigkeit als Immobilienmakler, also, die Vermittlung von Wohnr\u00e4umen, Grundst\u00fccken und Gewerbefl\u00e4chen, somit alle klassischen Leistungen des Immobiliennachweises und der Immobilienvermittlung (Miet- und Kaufobjekte) sowie die Standortberatung und Standortanalyse f\u00fcr gewerbliche Kunden.<br \/>\nDatenerhebung, -verarbeitung und -nutzung erfolgen zur Aus\u00fcbung der oben angegebenen Zwecke.<\/td>\n<\/tr>\n<tr>\n<td width=\"290\"><strong>\u00a0<\/strong><strong>5. Betroffenen Personengruppe\/n, Daten oder Datenkategorien<\/strong><\/td>\n<td width=\"367\">Es werden im Wesentlichen zu folgenden Personengruppen personenbezogene Daten erhoben, verarbeitet und genutzt:<br \/>\n<strong>\u25a0 <\/strong>Kundendaten (Adressdaten, Vertragsdaten) von Miet- und Kaufinteressen, Vermieter\u00a0 und Verk\u00e4ufer, Adressdaten)<br \/>\n\u25a0 Gesch\u00e4ftspartner, Vermittler und Makler (Adress-, Abrechnungs- und Leistungsdaten)<br \/>\n<strong>\u25a0 <\/strong>Mitarbeiterdaten<strong>\u00a0<\/strong><\/td>\n<\/tr>\n<tr>\n<td width=\"290\"><strong>6. Personenbezogene Daten<\/strong><\/td>\n<td width=\"367\"><strong>\u00a0<\/strong><strong>Privatimmobilien \u2013 Interessenten<br \/>\n<\/strong>\u25a0 Personalien (Name, Anschrift, E-Mail-Adresse) sowie bei Abschluss von Miet-, Pacht-, Kauf- u. Erbbauvertr\u00e4gen<br \/>\n\u25a0 Vertragsdaten (Geburtsdatum, Familienstand, Nationalit\u00e4t, Steuer-Identnummer, Kontodaten zur Bonit\u00e4tspr\u00fcfung)<strong>Privatimmobilien \u2013 Vermieter\/Verk\u00e4ufer<br \/>\n<\/strong>\u25a0 Personalien (Name, Anschrift, E-Mail-Adresse), sowie bei Abschluss von Miet-, Pacht-, Kauf- u. Erbbauvertr\u00e4gen<br \/>\n\u25a0 Vertragsdaten (Personalien, Steuer-Identnummer)<br \/>\n\u25a0 Daten des Zahlungsverkehrs (Konto-Nr. f\u00fcr Miet-\/ Kaufpreiszahlungen)<strong>Gewerbeimmobilien \u2013 Interessenten<br \/>\n<\/strong>\u25a0 Personalien (Name, Anschrift, E-Mail-Adresse des\/der zust\u00e4ndigen Sachbearbeiters\/in) sowie bei Abschluss von Miet-, Pacht-, Kauf- u. Erbbauvertr\u00e4gen<br \/>\n\u25a0 Vertragsdaten (Name des rechtlich verantwortlichen Vertragsunterzeichners, Steuer-Identnummer, Kontodaten zur Bonit\u00e4tspr\u00fcfung)<strong>Gewerbeimmobilien \u2013 Vermieter\/Verk\u00e4ufer<br \/>\n<\/strong>\u25a0 Personalien (Name, Anschrift, E-Mail-Adresse des\/der Verantwortlichen bzw. des Anbieters\/der Anbieterin) sowie bei Abschluss von Miet-, Pacht-, Kauf- u. Erbbauvertr\u00e4gen<br \/>\n\u25a0 Vertragsdaten (z.B. Name des rechtlich verantwortlichen Vertragsunterzeichners, Steuer-Identnummer)<br \/>\n\u25a0 Daten des Zahlungsverkehrs (Konto-Nr. f\u00fcr Miet-\/ Kaufpreiszahlungen)<strong>Gesch\u00e4ftspartner<br \/>\n<\/strong>\u25a0 Personalien (Name, Anschrift, E-Mail-Adresse)<br \/>\n\u25a0 Daten des Zahlungsverkehrs<strong>Mitarbeiter<br \/>\n<\/strong>\u25a0 Personalien (Name, Anschrift, E-Mail-Adresse)<br \/>\n\u25a0 Daten des Zahlungsverkehrs (abgeschlossene Gesch\u00e4fte)<\/p>\n<p><strong>Kreditinstitute\/Finanzierungsvermittler<br \/>\n<\/strong>\u25a0 Personalien (Name, Anschrift, E-Mail-Adresse des\/der zust\u00e4ndigen Sachberarbeiters\/in<\/p>\n<p><strong>Notar<br \/>\n<\/strong>\u25a0 Personalien (Name, Anschrift, E-Mail-Adresse des\/der zust\u00e4ndigen Sachberarbeiters\/in<\/p>\n<p><strong>Versorgungsunternehmen<br \/>\n<\/strong>\u25a0 Personalien (Name, Anschrift, E-Mail-Adresse des\/der zust\u00e4ndigen Sachberarbeiters\/in<\/td>\n<\/tr>\n<tr>\n<td width=\"290\"><strong>7. Empf\u00e4nger oder Kategorien von Empf\u00e4ngern<\/strong><\/td>\n<td width=\"367\"><strong>\u25a0 Interessenten <\/strong>(Daten des Vermieters\/Verk\u00e4ufers)<br \/>\n\u25a0 <strong>Vermieter\/Verk\u00e4ufer <\/strong>(Daten des Interessenten)<br \/>\n\u25a0 <strong>Gesch\u00e4ftspartner <\/strong>(z.B. zur gemeinschaftlichen Bearbeitung eines Auftrages)<br \/>\n\u25a0 <strong>Interne Stellen, <\/strong>die an der Ausf\u00fchrung der jeweiligen Gesch\u00e4ftsprozesse beteiligt sind<br \/>\n<strong>\u25a0 Externe Stellen <\/strong>wie z.B. Kreditinstitute\/ Finanzierungsvermittler zur Bereitstellung von Finanzierungsangeboten<br \/>\n<strong>\u25a0 Notar <\/strong>(Erstellung notarieller Vertr\u00e4ge)<br \/>\n<strong>\u25a0 Versorgungsunternehmen <\/strong>(z.B. f\u00fcr An-\/Abmeldung)<br \/>\n\u25a0 \u00f6ffentliche Stellen, die Daten aufgrund gesetzlicher Vorschriften erhalten<\/td>\n<\/tr>\n<tr>\n<td width=\"290\"><strong>8. Geplante Daten\u00fcbermittlung an Drittstaaten<\/strong><\/p>\n<p><strong>\u00a0<\/strong><\/td>\n<td width=\"367\"><span style=\"font-family: inherit; font-size: inherit;\">Eine \u00dcbermittlung an Drittstaaten ist nicht geplant<\/span><\/td>\n<\/tr>\n<tr>\n<td width=\"290\"><strong>9. Regelfristen f\u00fcr die L\u00f6schung der Daten<\/strong><\/td>\n<td width=\"367\">Der Gesetzgeber hat vielf\u00e4ltige Aufbewahrungspflichten und -fristen erlassen. Nach Ablauf dieser Fristen werden die entsprechenden Daten routinem\u00e4\u00dfig gel\u00f6scht, sofern sie nicht mehr zur Vertragserf\u00fcllung (z. B. Mietvertrag, Pachtvertrag) oder zur Durchsetzung eigener Rechte erforderlich sind.<\/p>\n<p>&nbsp;<\/td>\n<\/tr>\n<tr>\n<td width=\"290\"><strong>Erstellungsdatum des Verzeichnisses<\/strong><\/td>\n<td width=\"367\">25.05.2018<\/td>\n<\/tr>\n<tr>\n<td width=\"290\"><strong>ge\u00e4ndert am:<\/strong><\/td>\n<td width=\"367\">-\/-<\/td>\n<\/tr>\n<\/tbody>\n<\/table>\n<p>&nbsp;<\/p>\n<p>Haben Sie Fragen zum Verfahrensverzeichnis? Dann wenden Sie sich bitte direkt an<\/p>\n<p>Sch\u00f6b Projektentwicklung<br \/>\nJohannes Sch\u00f6b<br \/>\nIm Stiftallmey 30<br \/>\n87439 Kempten<\/p>\n<p>Tel:\u00a0\u00a0\u00a0\u00a0\u00a0 0831 5122 546<br \/>\ninfo@schoebpro.de<\/p>\n","protected":false},"excerpt":{"rendered":"<p>&nbsp; &nbsp; Verzeichnis von Verarbeitungst\u00e4tigkeiten gem. Artikel 30 Abs. 1 DSGVO (Stand 25.05.2018) 1. Name und Anschrift der verantwortlichen Stelle Sch\u00f6b Projektentwicklung Im Stiftallmey 30 87439 KemptenTel:\u00a0\u00a0\u00a0\u00a0\u00a0 0831 5122 546 info@schoebpro.de 2. Inhaber &nbsp; Herr Sch\u00f6b Johannes &nbsp; \u00a03. Leiter &hellip;<\/p>\n<p class=\"read-more\"> <a class=\"more-link\" href=\"http:\/\/www.schoebpro.de\/?page_id=40\"> <span class=\"screen-reader-text\">Verzeichnis von Verarbeitungst\u00e4tigkeiten<\/span> Read More &raquo;<\/a><\/p>\n","protected":false},"author":1,"featured_media":0,"parent":36,"menu_order":0,"comment_status":"closed","ping_status":"closed","template":"","meta":{"footnotes":""},"class_list":["post-40","page","type-page","status-publish","hentry"],"_links":{"self":[{"href":"http:\/\/www.schoebpro.de\/index.php?rest_route=\/wp\/v2\/pages\/40"}],"collection":[{"href":"http:\/\/www.schoebpro.de\/index.php?rest_route=\/wp\/v2\/pages"}],"about":[{"href":"http:\/\/www.schoebpro.de\/index.php?rest_route=\/wp\/v2\/types\/page"}],"author":[{"embeddable":true,"href":"http:\/\/www.schoebpro.de\/index.php?rest_route=\/wp\/v2\/users\/1"}],"replies":[{"embeddable":true,"href":"http:\/\/www.schoebpro.de\/index.php?rest_route=%2Fwp%2Fv2%2Fcomments&post=40"}],"version-history":[{"count":17,"href":"http:\/\/www.schoebpro.de\/index.php?rest_route=\/wp\/v2\/pages\/40\/revisions"}],"predecessor-version":[{"id":57,"href":"http:\/\/www.schoebpro.de\/index.php?rest_route=\/wp\/v2\/pages\/40\/revisions\/57"}],"up":[{"embeddable":true,"href":"http:\/\/www.schoebpro.de\/index.php?rest_route=\/wp\/v2\/pages\/36"}],"wp:attachment":[{"href":"http:\/\/www.schoebpro.de\/index.php?rest_route=%2Fwp%2Fv2%2Fmedia&parent=40"}],"curies":[{"name":"wp","href":"https:\/\/api.w.org\/{rel}","templated":true}]}}